{"id":1065,"date":"2024-02-03T22:26:51","date_gmt":"2024-02-03T21:26:51","guid":{"rendered":"https:\/\/www.werkschau-wiesbaden.de\/2024WS\/24-25\/?page_id=1065"},"modified":"2025-01-23T19:42:45","modified_gmt":"2025-01-23T18:42:45","slug":"impressum","status":"publish","type":"page","link":"https:\/\/www.werkschau-wiesbaden.de\/2024WS\/24-25\/impressum\/","title":{"rendered":"Impressum"},"content":{"rendered":"\t\t<div data-elementor-type=\"wp-page\" data-elementor-id=\"1065\" class=\"elementor elementor-1065\" data-elementor-post-type=\"page\">\n\t\t\t\t\t\t<section class=\"elementor-section elementor-top-section elementor-element elementor-element-2ce38db elementor-section-boxed elementor-section-height-default elementor-section-height-default\" data-id=\"2ce38db\" data-element_type=\"section\" data-e-type=\"section\" data-settings=\"{&quot;background_background&quot;:&quot;classic&quot;}\">\n\t\t\t\t\t\t<div class=\"elementor-container elementor-column-gap-default\">\n\t\t\t\t\t<div class=\"elementor-column elementor-col-100 elementor-top-column elementor-element elementor-element-d5a3230\" data-id=\"d5a3230\" data-element_type=\"column\" data-e-type=\"column\">\n\t\t\t<div class=\"elementor-widget-wrap elementor-element-populated\">\n\t\t\t\t\t\t<div class=\"elementor-element elementor-element-d01fe3d elementor-widget elementor-widget-heading\" data-id=\"d01fe3d\" data-element_type=\"widget\" data-e-type=\"widget\" data-widget_type=\"heading.default\">\n\t\t\t\t<div class=\"elementor-widget-container\">\n\t\t\t\t\t<h2 class=\"elementor-heading-title elementor-size-default\">Impressum<\/h2>\t\t\t\t<\/div>\n\t\t\t\t<\/div>\n\t\t\t\t<div class=\"elementor-element elementor-element-0a47adc elementor-widget elementor-widget-heading\" data-id=\"0a47adc\" data-element_type=\"widget\" data-e-type=\"widget\" data-widget_type=\"heading.default\">\n\t\t\t\t<div class=\"elementor-widget-container\">\n\t\t\t\t\t<p class=\"elementor-heading-title elementor-size-default\">Die Webseite erscheint anl\u00e4sslich der Werkschau des Studiengangs Kommunikationsdesign der Hochschule RheinMain vom 06. bis 08.02.2025.\n<\/p>\t\t\t\t<\/div>\n\t\t\t\t<\/div>\n\t\t\t\t<div class=\"elementor-element elementor-element-6f01697 elementor-widget elementor-widget-heading\" data-id=\"6f01697\" data-element_type=\"widget\" data-e-type=\"widget\" data-widget_type=\"heading.default\">\n\t\t\t\t<div class=\"elementor-widget-container\">\n\t\t\t\t\t<p class=\"elementor-heading-title elementor-size-default\">\u2028\u00a9 2025 f\u00fcr die Texte bei den Autor: innen\u2028\u2028<\/p>\t\t\t\t<\/div>\n\t\t\t\t<\/div>\n\t\t\t\t<div class=\"elementor-element elementor-element-69a3520 elementor-widget elementor-widget-heading\" data-id=\"69a3520\" data-element_type=\"widget\" data-e-type=\"widget\" data-widget_type=\"heading.default\">\n\t\t\t\t<div class=\"elementor-widget-container\">\n\t\t\t\t\t<p class=\"elementor-heading-title elementor-size-default\">\u00a9 2025 f\u00fcr die Fotografien der Studierenden<\/p>\t\t\t\t<\/div>\n\t\t\t\t<\/div>\n\t\t\t\t<div class=\"elementor-element elementor-element-e976547 elementor-widget elementor-widget-heading\" data-id=\"e976547\" data-element_type=\"widget\" data-e-type=\"widget\" data-widget_type=\"heading.default\">\n\t\t\t\t<div class=\"elementor-widget-container\">\n\t\t\t\t\t<h2 class=\"elementor-heading-title elementor-size-default\">Herausgeber\n<\/h2>\t\t\t\t<\/div>\n\t\t\t\t<\/div>\n\t\t\t\t<div class=\"elementor-element elementor-element-6c27486 elementor-widget elementor-widget-heading\" data-id=\"6c27486\" data-element_type=\"widget\" data-e-type=\"widget\" data-widget_type=\"heading.default\">\n\t\t\t\t<div class=\"elementor-widget-container\">\n\t\t\t\t\t<p class=\"elementor-heading-title elementor-size-default\">Hochschule RheinMain, Studiengang Kommunikationsdesign\n<\/p>\t\t\t\t<\/div>\n\t\t\t\t<\/div>\n\t\t\t\t<div class=\"elementor-element elementor-element-74ecc1b elementor-widget elementor-widget-heading\" data-id=\"74ecc1b\" data-element_type=\"widget\" data-e-type=\"widget\" data-widget_type=\"heading.default\">\n\t\t\t\t<div class=\"elementor-widget-container\">\n\t\t\t\t\t<h2 class=\"elementor-heading-title elementor-size-default\">Ausstellungsprojekt\n<\/h2>\t\t\t\t<\/div>\n\t\t\t\t<\/div>\n\t\t\t\t<div class=\"elementor-element elementor-element-643e114 elementor-widget elementor-widget-heading\" data-id=\"643e114\" data-element_type=\"widget\" data-e-type=\"widget\" data-widget_type=\"heading.default\">\n\t\t\t\t<div class=\"elementor-widget-container\">\n\t\t\t\t\t<p class=\"elementor-heading-title elementor-size-default\">Event-und Ausstellungsdesign \nLeitung: <\/p>\t\t\t\t<\/div>\n\t\t\t\t<\/div>\n\t\t<a class=\"eael-wrapper-link-0c5b445 --eael-wrapper-link-tag\" href=\"https:\/\/www.hs-rm.de\/de\/hochschule\/personen\/mueller-buesching-boerries\"><\/a>\t\t<div data-eael-wrapper-link=\"eael-wrapper-link-0c5b445\" class=\"elementor-element elementor-element-0c5b445 elementor-widget elementor-widget-heading\" data-id=\"0c5b445\" data-element_type=\"widget\" data-e-type=\"widget\" data-widget_type=\"heading.default\">\n\t\t\t\t<div class=\"elementor-widget-container\">\n\t\t\t\t\t<p class=\"elementor-heading-title elementor-size-default\"><u> Prof. B\u00f6rries M\u00fcller-B\u00fcsching<\/u>\n<\/p>\t\t\t\t<\/div>\n\t\t\t\t<\/div>\n\t\t<a class=\"eael-wrapper-link-6ad03f9 --eael-wrapper-link-tag\" href=\"https:\/\/www.hs-rm.de\/de\/hochschule\/personen\/steiner-theo\"><\/a>\t\t<div data-eael-wrapper-link=\"eael-wrapper-link-6ad03f9\" class=\"elementor-element elementor-element-6ad03f9 elementor-widget elementor-widget-heading\" data-id=\"6ad03f9\" data-element_type=\"widget\" data-e-type=\"widget\" data-widget_type=\"heading.default\">\n\t\t\t\t<div class=\"elementor-widget-container\">\n\t\t\t\t\t<p class=\"elementor-heading-title elementor-size-default\"> <u>Prof. Dr. Theo Steiner<\/u>\n<\/p>\t\t\t\t<\/div>\n\t\t\t\t<\/div>\n\t\t<a class=\"eael-wrapper-link-e7ca444 --eael-wrapper-link-tag\" href=\"https:\/\/www.hs-rm.de\/de\/fachbereiche\/design-informatik-medien\/studiengaenge\/kommunikationsdesign-ba#kontakt-2807\"><\/a>\t\t<div data-eael-wrapper-link=\"eael-wrapper-link-e7ca444\" class=\"elementor-element elementor-element-e7ca444 elementor-widget elementor-widget-heading\" data-id=\"e7ca444\" data-element_type=\"widget\" data-e-type=\"widget\" data-widget_type=\"heading.default\">\n\t\t\t\t<div class=\"elementor-widget-container\">\n\t\t\t\t\t<p class=\"elementor-heading-title elementor-size-default\"> <u>Heike Hildebrandt <\/u>\n<\/p>\t\t\t\t<\/div>\n\t\t\t\t<\/div>\n\t\t\t\t<div class=\"elementor-element elementor-element-8f0f841 elementor-widget elementor-widget-heading\" data-id=\"8f0f841\" data-element_type=\"widget\" data-e-type=\"widget\" data-widget_type=\"heading.default\">\n\t\t\t\t<div class=\"elementor-widget-container\">\n\t\t\t\t\t<h2 class=\"elementor-heading-title elementor-size-default\">Projektmanagement\n<\/h2>\t\t\t\t<\/div>\n\t\t\t\t<\/div>\n\t\t\t\t<div class=\"elementor-element elementor-element-f68df47 elementor-widget elementor-widget-heading\" data-id=\"f68df47\" data-element_type=\"widget\" data-e-type=\"widget\" data-widget_type=\"heading.default\">\n\t\t\t\t<div class=\"elementor-widget-container\">\n\t\t\t\t\t<p class=\"elementor-heading-title elementor-size-default\">Vanessa Erb, Magdalena Heil, Magdalene Krause\n<\/p>\t\t\t\t<\/div>\n\t\t\t\t<\/div>\n\t\t\t\t<div class=\"elementor-element elementor-element-d2f31ab elementor-widget elementor-widget-heading\" data-id=\"d2f31ab\" data-element_type=\"widget\" data-e-type=\"widget\" data-widget_type=\"heading.default\">\n\t\t\t\t<div class=\"elementor-widget-container\">\n\t\t\t\t\t<h2 class=\"elementor-heading-title elementor-size-default\">Corporate Design\n<\/h2>\t\t\t\t<\/div>\n\t\t\t\t<\/div>\n\t\t\t\t<div class=\"elementor-element elementor-element-f48b7d5 elementor-widget elementor-widget-heading\" data-id=\"f48b7d5\" data-element_type=\"widget\" data-e-type=\"widget\" data-widget_type=\"heading.default\">\n\t\t\t\t<div class=\"elementor-widget-container\">\n\t\t\t\t\t<p class=\"elementor-heading-title elementor-size-default\">Magdalena Heil, Mariam Janini, Katharina Kirst, Mar\u00eda Rodr\u00edguez Valenzuela\n<\/p>\t\t\t\t<\/div>\n\t\t\t\t<\/div>\n\t\t\t\t<div class=\"elementor-element elementor-element-d4bda64 elementor-widget elementor-widget-heading\" data-id=\"d4bda64\" data-element_type=\"widget\" data-e-type=\"widget\" data-widget_type=\"heading.default\">\n\t\t\t\t<div class=\"elementor-widget-container\">\n\t\t\t\t\t<h2 class=\"elementor-heading-title elementor-size-default\">Katalog<\/h2>\t\t\t\t<\/div>\n\t\t\t\t<\/div>\n\t\t\t\t<div class=\"elementor-element elementor-element-860bd0d elementor-widget elementor-widget-heading\" data-id=\"860bd0d\" data-element_type=\"widget\" data-e-type=\"widget\" data-widget_type=\"heading.default\">\n\t\t\t\t<div class=\"elementor-widget-container\">\n\t\t\t\t\t<p class=\"elementor-heading-title elementor-size-default\">Jaime Arjona Borras, Katharina Kirst, Till Kraus, Maria Oeo Morin, Joan Piris Mar\u00ed, Beatris Vladimirova Gemedzhiyska\n<\/p>\t\t\t\t<\/div>\n\t\t\t\t<\/div>\n\t\t\t\t<div class=\"elementor-element elementor-element-232dd30 elementor-widget elementor-widget-heading\" data-id=\"232dd30\" data-element_type=\"widget\" data-e-type=\"widget\" data-widget_type=\"heading.default\">\n\t\t\t\t<div class=\"elementor-widget-container\">\n\t\t\t\t\t<h2 class=\"elementor-heading-title elementor-size-default\">Website<\/h2>\t\t\t\t<\/div>\n\t\t\t\t<\/div>\n\t\t\t\t<div class=\"elementor-element elementor-element-6eef99b elementor-widget elementor-widget-heading\" data-id=\"6eef99b\" data-element_type=\"widget\" data-e-type=\"widget\" data-widget_type=\"heading.default\">\n\t\t\t\t<div class=\"elementor-widget-container\">\n\t\t\t\t\t<p class=\"elementor-heading-title elementor-size-default\">Joan Piris Mar\u00ed, Mar\u00eda Rodr\u00edguez Valenzuela<\/p>\t\t\t\t<\/div>\n\t\t\t\t<\/div>\n\t\t\t\t<div class=\"elementor-element elementor-element-8b05ebc elementor-widget elementor-widget-heading\" data-id=\"8b05ebc\" data-element_type=\"widget\" data-e-type=\"widget\" data-widget_type=\"heading.default\">\n\t\t\t\t<div class=\"elementor-widget-container\">\n\t\t\t\t\t<h2 class=\"elementor-heading-title elementor-size-default\">Kuratorisches Konzept\n<\/h2>\t\t\t\t<\/div>\n\t\t\t\t<\/div>\n\t\t\t\t<div class=\"elementor-element elementor-element-848f6c7 elementor-widget elementor-widget-heading\" data-id=\"848f6c7\" data-element_type=\"widget\" data-e-type=\"widget\" data-widget_type=\"heading.default\">\n\t\t\t\t<div class=\"elementor-widget-container\">\n\t\t\t\t\t<p class=\"elementor-heading-title elementor-size-default\">Vanessa Erb, Magdalena Heil, Magdalene Krause<\/p>\t\t\t\t<\/div>\n\t\t\t\t<\/div>\n\t\t\t\t<div class=\"elementor-element elementor-element-6d6960f elementor-widget elementor-widget-heading\" data-id=\"6d6960f\" data-element_type=\"widget\" data-e-type=\"widget\" data-widget_type=\"heading.default\">\n\t\t\t\t<div class=\"elementor-widget-container\">\n\t\t\t\t\t<h2 class=\"elementor-heading-title elementor-size-default\">\nFotografie\n<\/h2>\t\t\t\t<\/div>\n\t\t\t\t<\/div>\n\t\t\t\t<div class=\"elementor-element elementor-element-23e43ae elementor-widget elementor-widget-heading\" data-id=\"23e43ae\" data-element_type=\"widget\" data-e-type=\"widget\" data-widget_type=\"heading.default\">\n\t\t\t\t<div class=\"elementor-widget-container\">\n\t\t\t\t\t<p class=\"elementor-heading-title elementor-size-default\">Mariam Janini, Maria Oeo Morin, Beatris Vladimirova Gemedzhiyska, Mariam Janini\n<\/p>\t\t\t\t<\/div>\n\t\t\t\t<\/div>\n\t\t\t\t<div class=\"elementor-element elementor-element-6b6b8fb elementor-widget elementor-widget-heading\" data-id=\"6b6b8fb\" data-element_type=\"widget\" data-e-type=\"widget\" data-widget_type=\"heading.default\">\n\t\t\t\t<div class=\"elementor-widget-container\">\n\t\t\t\t\t<h2 class=\"elementor-heading-title elementor-size-default\">PR und Social Media\n<\/h2>\t\t\t\t<\/div>\n\t\t\t\t<\/div>\n\t\t\t\t<div class=\"elementor-element elementor-element-77160b2 elementor-widget elementor-widget-heading\" data-id=\"77160b2\" data-element_type=\"widget\" data-e-type=\"widget\" data-widget_type=\"heading.default\">\n\t\t\t\t<div class=\"elementor-widget-container\">\n\t\t\t\t\t<p class=\"elementor-heading-title elementor-size-default\">Vanessa Erb, Magdalene Krause\n<\/p>\t\t\t\t<\/div>\n\t\t\t\t<\/div>\n\t\t\t\t<div class=\"elementor-element elementor-element-129085e elementor-widget elementor-widget-heading\" data-id=\"129085e\" data-element_type=\"widget\" data-e-type=\"widget\" data-widget_type=\"heading.default\">\n\t\t\t\t<div class=\"elementor-widget-container\">\n\t\t\t\t\t<h2 class=\"elementor-heading-title elementor-size-default\">Texte<\/h2>\t\t\t\t<\/div>\n\t\t\t\t<\/div>\n\t\t\t\t<div class=\"elementor-element elementor-element-30af400 elementor-widget elementor-widget-heading\" data-id=\"30af400\" data-element_type=\"widget\" data-e-type=\"widget\" data-widget_type=\"heading.default\">\n\t\t\t\t<div class=\"elementor-widget-container\">\n\t\t\t\t\t<p class=\"elementor-heading-title elementor-size-default\">Absolvierende des Wintersemesters 2023\/24, Vanessa Erb\n<\/p>\t\t\t\t<\/div>\n\t\t\t\t<\/div>\n\t\t\t\t<div class=\"elementor-element elementor-element-18e158e elementor-widget elementor-widget-heading\" data-id=\"18e158e\" data-element_type=\"widget\" data-e-type=\"widget\" data-widget_type=\"heading.default\">\n\t\t\t\t<div class=\"elementor-widget-container\">\n\t\t\t\t\t<h2 class=\"elementor-heading-title elementor-size-default\">\nAngaben gem\u00e4\u00df \u00a7 5 Telemediengesetz\n<\/h2>\t\t\t\t<\/div>\n\t\t\t\t<\/div>\n\t\t\t\t<div class=\"elementor-element elementor-element-18bc302 elementor-widget elementor-widget-heading\" data-id=\"18bc302\" data-element_type=\"widget\" data-e-type=\"widget\" data-widget_type=\"heading.default\">\n\t\t\t\t<div class=\"elementor-widget-container\">\n\t\t\t\t\t<p class=\"elementor-heading-title elementor-size-default\">Hochschule RheinMain<br>\u2028Kurt-Schumacher-Ring 18<br>65197 Wiesbaden\u2028<br>USt-IdNr: DE 811490955<\/p>\t\t\t\t<\/div>\n\t\t\t\t<\/div>\n\t\t\t\t<div class=\"elementor-element elementor-element-bc0d2b3 elementor-widget elementor-widget-heading\" data-id=\"bc0d2b3\" data-element_type=\"widget\" data-e-type=\"widget\" data-widget_type=\"heading.default\">\n\t\t\t\t<div class=\"elementor-widget-container\">\n\t\t\t\t\t<p class=\"elementor-heading-title elementor-size-default\">Tel.: +49 (0) 611 9495-1101 <br>Fax: + 49 (0) 611 9495-1106\u2028<\/p>\t\t\t\t<\/div>\n\t\t\t\t<\/div>\n\t\t<a class=\"eael-wrapper-link-dbf983b --eael-wrapper-link-tag\" href=\"https:\/\/www.hs-rm.de\/de\/\"><\/a>\t\t<div data-eael-wrapper-link=\"eael-wrapper-link-dbf983b\" class=\"elementor-element elementor-element-dbf983b elementor-widget elementor-widget-heading\" data-id=\"dbf983b\" data-element_type=\"widget\" data-e-type=\"widget\" data-widget_type=\"heading.default\">\n\t\t\t\t<div class=\"elementor-widget-container\">\n\t\t\t\t\t<p class=\"elementor-heading-title elementor-size-default\">Website: <u>https:\/\/www.hs-rm.de\/de<\/u><\/p>\t\t\t\t<\/div>\n\t\t\t\t<\/div>\n\t\t\t\t<div class=\"elementor-element elementor-element-0122460 elementor-widget elementor-widget-heading\" data-id=\"0122460\" data-element_type=\"widget\" data-e-type=\"widget\" data-widget_type=\"heading.default\">\n\t\t\t\t<div class=\"elementor-widget-container\">\n\t\t\t\t\t<p class=\"elementor-heading-title elementor-size-default\">Die Hochschule RheinMain ist eine K\u00f6rperschaft des \u00f6ffentlichen Rechts. Sie wird durch die Pr\u00e4sidentin Prof. Dr. Eva Waller gesetzlich vertreten.\u2028<\/p>\t\t\t\t<\/div>\n\t\t\t\t<\/div>\n\t\t\t\t<div class=\"elementor-element elementor-element-098a0d4 elementor-widget elementor-widget-heading\" data-id=\"098a0d4\" data-element_type=\"widget\" data-e-type=\"widget\" data-widget_type=\"heading.default\">\n\t\t\t\t<div class=\"elementor-widget-container\">\n\t\t\t\t\t<h2 class=\"elementor-heading-title elementor-size-default\">Pr\u00e4sidentin\n<\/h2>\t\t\t\t<\/div>\n\t\t\t\t<\/div>\n\t\t<a class=\"eael-wrapper-link-b343140 --eael-wrapper-link-tag\" href=\"mailto:praesidentin@hs-rm.de\"><\/a>\t\t<div data-eael-wrapper-link=\"eael-wrapper-link-b343140\" class=\"elementor-element elementor-element-b343140 elementor-widget elementor-widget-heading\" data-id=\"b343140\" data-element_type=\"widget\" data-e-type=\"widget\" data-widget_type=\"heading.default\">\n\t\t\t\t<div class=\"elementor-widget-container\">\n\t\t\t\t\t<p class=\"elementor-heading-title elementor-size-default\">Prof. Dr. Eva Waller\u2028<br>E-Mail: <u>praesidentin@hs-rm.de\u2028<\/u>\u200d<\/p>\t\t\t\t<\/div>\n\t\t\t\t<\/div>\n\t\t\t\t<div class=\"elementor-element elementor-element-a7796c6 elementor-widget elementor-widget-heading\" data-id=\"a7796c6\" data-element_type=\"widget\" data-e-type=\"widget\" data-widget_type=\"heading.default\">\n\t\t\t\t<div class=\"elementor-widget-container\">\n\t\t\t\t\t<h2 class=\"elementor-heading-title elementor-size-default\">Ansprechpartner\n<\/h2>\t\t\t\t<\/div>\n\t\t\t\t<\/div>\n\t\t<a class=\"eael-wrapper-link-49094a2 --eael-wrapper-link-tag\" href=\"mailto:.mueller-buesching@hs-rm.de\"><\/a>\t\t<div data-eael-wrapper-link=\"eael-wrapper-link-49094a2\" class=\"elementor-element elementor-element-49094a2 elementor-widget elementor-widget-heading\" data-id=\"49094a2\" data-element_type=\"widget\" data-e-type=\"widget\" data-widget_type=\"heading.default\">\n\t\t\t\t<div class=\"elementor-widget-container\">\n\t\t\t\t\t<p class=\"elementor-heading-title elementor-size-default\">Prof. B\u00f6rries M\u00fcller-B\u00fcsching<br>\nEmail: <u>boerries.mueller-buesching@hs-rm.de<\/u>\n<\/p>\t\t\t\t<\/div>\n\t\t\t\t<\/div>\n\t\t\t\t<div class=\"elementor-element elementor-element-c89ebde elementor-widget elementor-widget-heading\" data-id=\"c89ebde\" data-element_type=\"widget\" data-e-type=\"widget\" data-widget_type=\"heading.default\">\n\t\t\t\t<div class=\"elementor-widget-container\">\n\t\t\t\t\t<h2 class=\"elementor-heading-title elementor-size-default\">Aufsichtsbeh\u00f6rde<\/h2>\t\t\t\t<\/div>\n\t\t\t\t<\/div>\n\t\t\t\t<div class=\"elementor-element elementor-element-b275142 elementor-widget elementor-widget-heading\" data-id=\"b275142\" data-element_type=\"widget\" data-e-type=\"widget\" data-widget_type=\"heading.default\">\n\t\t\t\t<div class=\"elementor-widget-container\">\n\t\t\t\t\t<p class=\"elementor-heading-title elementor-size-default\">Hessisches Ministerium f\u00fcr Wissenschaft und Kunst\u2028<br>Rheinstra\u00dfe 23 - 25<br>65185 Wiesbaden\n<\/p>\t\t\t\t<\/div>\n\t\t\t\t<\/div>\n\t\t\t\t<div class=\"elementor-element elementor-element-9ebda07 elementor-widget elementor-widget-heading\" data-id=\"9ebda07\" data-element_type=\"widget\" data-e-type=\"widget\" data-widget_type=\"heading.default\">\n\t\t\t\t<div class=\"elementor-widget-container\">\n\t\t\t\t\t<h2 class=\"elementor-heading-title elementor-size-default\">Haftung\n<\/h2>\t\t\t\t<\/div>\n\t\t\t\t<\/div>\n\t\t\t\t<div class=\"elementor-element elementor-element-11d2868 elementor-widget elementor-widget-heading\" data-id=\"11d2868\" data-element_type=\"widget\" data-e-type=\"widget\" data-widget_type=\"heading.default\">\n\t\t\t\t<div class=\"elementor-widget-container\">\n\t\t\t\t\t<p class=\"elementor-heading-title elementor-size-default\">Die Hochschule RheinMain ist f\u00fcr ihre Internetseiten gem\u00e4\u00df den allgemeinen Gesetzen, insbesondere nach \u00a7 7 Abs. 1 des Telemediengesetzes verantwortlich. Alle Inhalte werden mit der gebotenen Sorgfalt und nach bestem Wissen erstellt. Soweit sie auf ihren Internetseiten mittels Hyperlinks auf Internetseiten Dritter verweist, kann sie keine Gew\u00e4hr f\u00fcr die Aktualit\u00e4t, Richtigkeit und Vollst\u00e4ndigkeit der verlinkten Inhalte \u00fcbernehmen, da diese Inhalte au\u00dferhalb ihres Verantwortungsbereichs liegen und sie auf die zuk\u00fcnftige Gestaltung keinen Einfluss hat. Externe Links sind innerhalb der Website mit dem folgenden Symbol Externer Link gekennzeichnet.<\/p>\t\t\t\t<\/div>\n\t\t\t\t<\/div>\n\t\t\t\t<div class=\"elementor-element elementor-element-31751ec elementor-widget elementor-widget-heading\" data-id=\"31751ec\" data-element_type=\"widget\" data-e-type=\"widget\" data-widget_type=\"heading.default\">\n\t\t\t\t<div class=\"elementor-widget-container\">\n\t\t\t\t\t<h2 class=\"elementor-heading-title elementor-size-default\">Social Media<\/h2>\t\t\t\t<\/div>\n\t\t\t\t<\/div>\n\t\t\t\t<div class=\"elementor-element elementor-element-adb516e elementor-widget elementor-widget-heading\" data-id=\"adb516e\" data-element_type=\"widget\" data-e-type=\"widget\" data-widget_type=\"heading.default\">\n\t\t\t\t<div class=\"elementor-widget-container\">\n\t\t\t\t\t<p class=\"elementor-heading-title elementor-size-default\">Das Impressum gilt ebenso f\u00fcr die Social-Media-Pr\u00e4senzen der Hochschule RheinMain: Facebook, Twitter, YouTube und Instagram. Die rechtlichen Hinweise auf dieser Seite sowie alle Fragen und Streitigkeiten im Zusammenhang mit dieser Website unterliegen dem Recht der Bundesrepublik Deutschland.\n<\/p>\t\t\t\t<\/div>\n\t\t\t\t<\/div>\n\t\t\t\t\t<\/div>\n\t\t<\/div>\n\t\t\t\t\t<\/div>\n\t\t<\/section>\n\t\t\t\t<\/div>\n\t\t","protected":false},"excerpt":{"rendered":"<p>Impressum Die Webseite erscheint anl\u00e4sslich der Werkschau des Studiengangs Kommunikationsdesign der Hochschule RheinMain vom 06. bis 08.02.2025. \u2028\u00a9 2025 f\u00fcr die Texte bei den Autor: innen\u2028\u2028 \u00a9 2025 f\u00fcr die Fotografien der Studierenden Herausgeber Hochschule RheinMain, Studiengang Kommunikationsdesign Ausstellungsprojekt Event-und Ausstellungsdesign Leitung: Prof. B\u00f6rries M\u00fcller-B\u00fcsching Prof. Dr. Theo Steiner Heike Hildebrandt Projektmanagement Vanessa Erb, Magdalena [&hellip;]<\/p>\n","protected":false},"author":1,"featured_media":2302,"parent":0,"menu_order":0,"comment_status":"closed","ping_status":"closed","template":"","meta":{"footnotes":""},"class_list":["post-1065","page","type-page","status-publish","has-post-thumbnail","hentry"],"yoast_head":"<!-- This site is optimized with the Yoast SEO plugin v27.5 - https:\/\/yoast.com\/product\/yoast-seo-wordpress\/ -->\n<title>Impressum<\/title>\n<meta name=\"description\" content=\"Kreative Abschlussarbeiten und innovative Konzepte, die neue Perspektiven er\u00f6ffnen und zum Nachdenken anregen. Lass dich von kreativen ...\" \/>\n<meta name=\"robots\" content=\"noindex, follow\" \/>\n<meta property=\"og:locale\" content=\"de_DE\" \/>\n<meta property=\"og:type\" content=\"article\" \/>\n<meta property=\"og:title\" content=\"Impressum\" \/>\n<meta property=\"og:description\" content=\"Kreative Abschlussarbeiten und innovative Konzepte, die neue Perspektiven er\u00f6ffnen und zum Nachdenken anregen. Lass dich von kreativen ...\" \/>\n<meta property=\"og:url\" content=\"https:\/\/www.werkschau-wiesbaden.de\/2024WS\/24-25\/impressum\/\" \/>\n<meta property=\"article:modified_time\" content=\"2025-01-23T18:42:45+00:00\" \/>\n<meta property=\"og:image\" content=\"https:\/\/www.werkschau-wiesbaden.de\/2024WS\/24-25\/wp-content\/uploads\/2025\/01\/Favicon.jpg\" \/>\n\t<meta property=\"og:image:width\" content=\"1021\" \/>\n\t<meta property=\"og:image:height\" content=\"1033\" \/>\n\t<meta property=\"og:image:type\" content=\"image\/jpeg\" \/>\n<meta name=\"twitter:card\" content=\"summary_large_image\" \/>\n<meta name=\"twitter:label1\" content=\"Gesch\u00e4tzte Lesezeit\" \/>\n\t<meta name=\"twitter:data1\" content=\"2\u00a0Minuten\" \/>\n<script type=\"application\/ld+json\" class=\"yoast-schema-graph\">{\"@context\":\"https:\\\/\\\/schema.org\",\"@graph\":[{\"@type\":\"WebPage\",\"@id\":\"https:\\\/\\\/www.werkschau-wiesbaden.de\\\/2024WS\\\/24-25\\\/impressum\\\/\",\"url\":\"https:\\\/\\\/www.werkschau-wiesbaden.de\\\/2024WS\\\/24-25\\\/impressum\\\/\",\"name\":\"Impressum\",\"isPartOf\":{\"@id\":\"https:\\\/\\\/www.werkschau-wiesbaden.de\\\/2024WS\\\/24-25\\\/#website\"},\"primaryImageOfPage\":{\"@id\":\"https:\\\/\\\/www.werkschau-wiesbaden.de\\\/2024WS\\\/24-25\\\/impressum\\\/#primaryimage\"},\"image\":{\"@id\":\"https:\\\/\\\/www.werkschau-wiesbaden.de\\\/2024WS\\\/24-25\\\/impressum\\\/#primaryimage\"},\"thumbnailUrl\":\"https:\\\/\\\/www.werkschau-wiesbaden.de\\\/2024WS\\\/24-25\\\/wp-content\\\/uploads\\\/2025\\\/01\\\/Favicon.jpg\",\"datePublished\":\"2024-02-03T21:26:51+00:00\",\"dateModified\":\"2025-01-23T18:42:45+00:00\",\"description\":\"Kreative Abschlussarbeiten und innovative Konzepte, die neue Perspektiven er\u00f6ffnen und zum Nachdenken anregen. Lass dich von kreativen ...\",\"breadcrumb\":{\"@id\":\"https:\\\/\\\/www.werkschau-wiesbaden.de\\\/2024WS\\\/24-25\\\/impressum\\\/#breadcrumb\"},\"inLanguage\":\"de\",\"potentialAction\":[{\"@type\":\"ReadAction\",\"target\":[\"https:\\\/\\\/www.werkschau-wiesbaden.de\\\/2024WS\\\/24-25\\\/impressum\\\/\"]}]},{\"@type\":\"ImageObject\",\"inLanguage\":\"de\",\"@id\":\"https:\\\/\\\/www.werkschau-wiesbaden.de\\\/2024WS\\\/24-25\\\/impressum\\\/#primaryimage\",\"url\":\"https:\\\/\\\/www.werkschau-wiesbaden.de\\\/2024WS\\\/24-25\\\/wp-content\\\/uploads\\\/2025\\\/01\\\/Favicon.jpg\",\"contentUrl\":\"https:\\\/\\\/www.werkschau-wiesbaden.de\\\/2024WS\\\/24-25\\\/wp-content\\\/uploads\\\/2025\\\/01\\\/Favicon.jpg\",\"width\":1021,\"height\":1033},{\"@type\":\"BreadcrumbList\",\"@id\":\"https:\\\/\\\/www.werkschau-wiesbaden.de\\\/2024WS\\\/24-25\\\/impressum\\\/#breadcrumb\",\"itemListElement\":[{\"@type\":\"ListItem\",\"position\":1,\"name\":\"Startseite\",\"item\":\"https:\\\/\\\/www.werkschau-wiesbaden.de\\\/2024WS\\\/24-25\\\/\"},{\"@type\":\"ListItem\",\"position\":2,\"name\":\"Impressum\"}]},{\"@type\":\"WebSite\",\"@id\":\"https:\\\/\\\/www.werkschau-wiesbaden.de\\\/2024WS\\\/24-25\\\/#website\",\"url\":\"https:\\\/\\\/www.werkschau-wiesbaden.de\\\/2024WS\\\/24-25\\\/\",\"name\":\"\",\"description\":\"\",\"potentialAction\":[{\"@type\":\"SearchAction\",\"target\":{\"@type\":\"EntryPoint\",\"urlTemplate\":\"https:\\\/\\\/www.werkschau-wiesbaden.de\\\/2024WS\\\/24-25\\\/?s={search_term_string}\"},\"query-input\":{\"@type\":\"PropertyValueSpecification\",\"valueRequired\":true,\"valueName\":\"search_term_string\"}}],\"inLanguage\":\"de\"}]}<\/script>\n<!-- \/ Yoast SEO plugin. -->","yoast_head_json":{"title":"Impressum","description":"Kreative Abschlussarbeiten und innovative Konzepte, die neue Perspektiven er\u00f6ffnen und zum Nachdenken anregen. Lass dich von kreativen ...","robots":{"index":"noindex","follow":"follow"},"og_locale":"de_DE","og_type":"article","og_title":"Impressum","og_description":"Kreative Abschlussarbeiten und innovative Konzepte, die neue Perspektiven er\u00f6ffnen und zum Nachdenken anregen. Lass dich von kreativen ...","og_url":"https:\/\/www.werkschau-wiesbaden.de\/2024WS\/24-25\/impressum\/","article_modified_time":"2025-01-23T18:42:45+00:00","og_image":[{"width":1021,"height":1033,"url":"https:\/\/www.werkschau-wiesbaden.de\/2024WS\/24-25\/wp-content\/uploads\/2025\/01\/Favicon.jpg","type":"image\/jpeg"}],"twitter_card":"summary_large_image","twitter_misc":{"Gesch\u00e4tzte Lesezeit":"2\u00a0Minuten"},"schema":{"@context":"https:\/\/schema.org","@graph":[{"@type":"WebPage","@id":"https:\/\/www.werkschau-wiesbaden.de\/2024WS\/24-25\/impressum\/","url":"https:\/\/www.werkschau-wiesbaden.de\/2024WS\/24-25\/impressum\/","name":"Impressum","isPartOf":{"@id":"https:\/\/www.werkschau-wiesbaden.de\/2024WS\/24-25\/#website"},"primaryImageOfPage":{"@id":"https:\/\/www.werkschau-wiesbaden.de\/2024WS\/24-25\/impressum\/#primaryimage"},"image":{"@id":"https:\/\/www.werkschau-wiesbaden.de\/2024WS\/24-25\/impressum\/#primaryimage"},"thumbnailUrl":"https:\/\/www.werkschau-wiesbaden.de\/2024WS\/24-25\/wp-content\/uploads\/2025\/01\/Favicon.jpg","datePublished":"2024-02-03T21:26:51+00:00","dateModified":"2025-01-23T18:42:45+00:00","description":"Kreative Abschlussarbeiten und innovative Konzepte, die neue Perspektiven er\u00f6ffnen und zum Nachdenken anregen. Lass dich von kreativen ...","breadcrumb":{"@id":"https:\/\/www.werkschau-wiesbaden.de\/2024WS\/24-25\/impressum\/#breadcrumb"},"inLanguage":"de","potentialAction":[{"@type":"ReadAction","target":["https:\/\/www.werkschau-wiesbaden.de\/2024WS\/24-25\/impressum\/"]}]},{"@type":"ImageObject","inLanguage":"de","@id":"https:\/\/www.werkschau-wiesbaden.de\/2024WS\/24-25\/impressum\/#primaryimage","url":"https:\/\/www.werkschau-wiesbaden.de\/2024WS\/24-25\/wp-content\/uploads\/2025\/01\/Favicon.jpg","contentUrl":"https:\/\/www.werkschau-wiesbaden.de\/2024WS\/24-25\/wp-content\/uploads\/2025\/01\/Favicon.jpg","width":1021,"height":1033},{"@type":"BreadcrumbList","@id":"https:\/\/www.werkschau-wiesbaden.de\/2024WS\/24-25\/impressum\/#breadcrumb","itemListElement":[{"@type":"ListItem","position":1,"name":"Startseite","item":"https:\/\/www.werkschau-wiesbaden.de\/2024WS\/24-25\/"},{"@type":"ListItem","position":2,"name":"Impressum"}]},{"@type":"WebSite","@id":"https:\/\/www.werkschau-wiesbaden.de\/2024WS\/24-25\/#website","url":"https:\/\/www.werkschau-wiesbaden.de\/2024WS\/24-25\/","name":"","description":"","potentialAction":[{"@type":"SearchAction","target":{"@type":"EntryPoint","urlTemplate":"https:\/\/www.werkschau-wiesbaden.de\/2024WS\/24-25\/?s={search_term_string}"},"query-input":{"@type":"PropertyValueSpecification","valueRequired":true,"valueName":"search_term_string"}}],"inLanguage":"de"}]}},"_links":{"self":[{"href":"https:\/\/www.werkschau-wiesbaden.de\/2024WS\/24-25\/wp-json\/wp\/v2\/pages\/1065","targetHints":{"allow":["GET"]}}],"collection":[{"href":"https:\/\/www.werkschau-wiesbaden.de\/2024WS\/24-25\/wp-json\/wp\/v2\/pages"}],"about":[{"href":"https:\/\/www.werkschau-wiesbaden.de\/2024WS\/24-25\/wp-json\/wp\/v2\/types\/page"}],"author":[{"embeddable":true,"href":"https:\/\/www.werkschau-wiesbaden.de\/2024WS\/24-25\/wp-json\/wp\/v2\/users\/1"}],"replies":[{"embeddable":true,"href":"https:\/\/www.werkschau-wiesbaden.de\/2024WS\/24-25\/wp-json\/wp\/v2\/comments?post=1065"}],"version-history":[{"count":223,"href":"https:\/\/www.werkschau-wiesbaden.de\/2024WS\/24-25\/wp-json\/wp\/v2\/pages\/1065\/revisions"}],"predecessor-version":[{"id":2657,"href":"https:\/\/www.werkschau-wiesbaden.de\/2024WS\/24-25\/wp-json\/wp\/v2\/pages\/1065\/revisions\/2657"}],"wp:featuredmedia":[{"embeddable":true,"href":"https:\/\/www.werkschau-wiesbaden.de\/2024WS\/24-25\/wp-json\/wp\/v2\/media\/2302"}],"wp:attachment":[{"href":"https:\/\/www.werkschau-wiesbaden.de\/2024WS\/24-25\/wp-json\/wp\/v2\/media?parent=1065"}],"curies":[{"name":"wp","href":"https:\/\/api.w.org\/{rel}","templated":true}]}}